{"id":538,"date":"2025-10-07T11:32:11","date_gmt":"2025-10-07T09:32:11","guid":{"rendered":"https:\/\/lesconnectees.org\/?page_id=538"},"modified":"2025-11-03T15:17:34","modified_gmt":"2025-11-03T14:17:34","slug":"qui-sommes-nous","status":"publish","type":"page","link":"https:\/\/lesconnectees.org\/index.php\/qui-sommes-nous\/","title":{"rendered":"Qui sommes-nous ?"},"content":{"rendered":"\n<div class=\"wp-block-columns is-layout-flex wp-container-core-columns-is-layout-9d6595d7 wp-block-columns-is-layout-flex\">\n<div class=\"wp-block-column is-layout-flow wp-block-column-is-layout-flow\">\n<p>Les Connect\u00e9.e.s IINAF est une association engag\u00e9e au service des habitants de Rennes M\u00e9tropole et Ville, avec pour mission de promouvoir la coh\u00e9sion sociale, l\u2019inclusion num\u00e9rique, et l\u2019insertion professionnelle, tout en renfor\u00e7ant l\u2019autonomie des habitants<\/p>\n<\/div>\n<\/div>\n\n\n\n<div class=\"wp-block-media-text is-stacked-on-mobile\" style=\"grid-template-columns:51% auto\"><figure class=\"wp-block-media-text__media\"><img loading=\"lazy\" decoding=\"async\" width=\"1024\" height=\"576\" src=\"http:\/\/lesconnectees.org\/wp-content\/uploads\/2025\/10\/Blue-Professional-Innovation-Technology-Company-Presentation-1024x576.png\" alt=\"\" class=\"wp-image-3456 size-full\" srcset=\"https:\/\/lesconnectees.org\/wp-content\/uploads\/2025\/10\/Blue-Professional-Innovation-Technology-Company-Presentation-1024x576.png 1024w, https:\/\/lesconnectees.org\/wp-content\/uploads\/2025\/10\/Blue-Professional-Innovation-Technology-Company-Presentation-300x169.png 300w, https:\/\/lesconnectees.org\/wp-content\/uploads\/2025\/10\/Blue-Professional-Innovation-Technology-Company-Presentation-768x432.png 768w, https:\/\/lesconnectees.org\/wp-content\/uploads\/2025\/10\/Blue-Professional-Innovation-Technology-Company-Presentation-1536x864.png 1536w, https:\/\/lesconnectees.org\/wp-content\/uploads\/2025\/10\/Blue-Professional-Innovation-Technology-Company-Presentation.png 1920w\" sizes=\"auto, (max-width: 1024px) 100vw, 1024px\" \/><\/figure><div class=\"wp-block-media-text__content\">\n<p>Aujourd\u2019hui, le num\u00e9rique est partout autour de nous. Il nous relie, nous informe, nous ouvre des portes\u2026 mais il peut aussi en fermer \u00e0 ceux qui n\u2019ont pas les bons outils ou les bonnes cl\u00e9s pour s\u2019en servir. Face \u00e0 une soci\u00e9t\u00e9 toujours plus connect\u00e9e, notre association s\u2019engage pour que personne ne soit laiss\u00e9 de c\u00f4t\u00e9. En aidant chacun \u00e0 ma\u00eetriser le num\u00e9rique, on peut redonner confiance, cr\u00e9er du lien et <strong>offrir \u00e0 tous les m\u00eames chances de r\u00e9ussir<\/strong>.<\/p>\n<\/div><\/div>\n\n\n\n<p>L&rsquo;association Les Connect\u00e9es IINAF est n\u00e9e d\u2019une conviction simple : le num\u00e9rique doit \u00eatre un levier d\u2019inclusion, pas une source d\u2019exclusion. Face \u00e0 la fracture num\u00e9rique qui touche de plus en plus de personnes, nous avons choisi d\u2019agir concr\u00e8tement pour redonner \u00e0 chacun la possibilit\u00e9 de comprendre, d\u2019utiliser et de s\u2019approprier les outils technologiques du quotidien.<\/p>\n\n\n\n<p>Nous r\u00e9unissons des formateurs, des b\u00e9n\u00e9voles, des professionnels du num\u00e9rique, tous anim\u00e9s par la m\u00eame envie : transmettre, partager et accompagner avec bienveillance. L&rsquo;objectif est de construire des passerelles entre ceux qui \u0153uvrent pour  le num\u00e9rique et ceux qui en sont \u00e9loign\u00e9s, afin que chacun puisse y trouver sa place.<\/p>\n\n\n\n<div class=\"wp-block-media-text is-stacked-on-mobile\"><figure class=\"wp-block-media-text__media\"><img loading=\"lazy\" decoding=\"async\" width=\"1024\" height=\"623\" src=\"http:\/\/lesconnectees.org\/wp-content\/uploads\/2025\/10\/Image-atelier-Asso-Les-Connectees-IINAF-1-1024x623.jpg\" alt=\"\" class=\"wp-image-3216 size-full\" srcset=\"https:\/\/lesconnectees.org\/wp-content\/uploads\/2025\/10\/Image-atelier-Asso-Les-Connectees-IINAF-1-1024x623.jpg 1024w, https:\/\/lesconnectees.org\/wp-content\/uploads\/2025\/10\/Image-atelier-Asso-Les-Connectees-IINAF-1-300x182.jpg 300w, https:\/\/lesconnectees.org\/wp-content\/uploads\/2025\/10\/Image-atelier-Asso-Les-Connectees-IINAF-1-768x467.jpg 768w, https:\/\/lesconnectees.org\/wp-content\/uploads\/2025\/10\/Image-atelier-Asso-Les-Connectees-IINAF-1-1536x934.jpg 1536w, https:\/\/lesconnectees.org\/wp-content\/uploads\/2025\/10\/Image-atelier-Asso-Les-Connectees-IINAF-1.jpg 1600w\" sizes=\"auto, (max-width: 1024px) 100vw, 1024px\" \/><\/figure><div class=\"wp-block-media-text__content\">\n<p>Nos actions s\u2019adressent \u00e0 toutes les g\u00e9n\u00e9rations : jeunes, adultes, seniors, demandeurs d\u2019emploi, parents\u2026 Nous proposons des formations, des ateliers collectifs et des moments d\u2019\u00e9change qui favorisent l\u2019apprentissage, la confiance en soi et la solidarit\u00e9. Au-del\u00e0 des comp\u00e9tences techniques, <strong>il s\u2019agit surtout de recr\u00e9er du lien et de lutter contre l\u2019isolement<\/strong>.<\/p>\n<\/div><\/div>\n\n\n\n<p>____________________________________________________________________________________________________________________________<\/p>\n\n\n\n<p class=\"has-text-align-center\">Association Les Connect\u00e9.e.s IINAF<\/p>\n\n\n\n<p class=\"has-text-align-center\">Maison des associations&nbsp;<\/p>\n\n\n\n<p class=\"has-text-align-center\">6 cours des Alli\u00e9s<\/p>\n\n\n\n<p class=\"has-text-align-center\">35000 RENNES<\/p>\n\n\n\n<p class=\"has-text-align-center\">06 52 02 26 19 \/ 07 59 60 12 44<\/p>\n\n\n\n<p class=\"has-text-align-center\"><a href=\"mailto:lesconnectees.iinaf@gmail.com\" target=\"_blank\" rel=\"noreferrer noopener\">lesconnectees.iinaf@gmail.com<\/a><\/p>\n\n\n<div class=\"wp-block-image wp-duotone-midnight\">\n<figure class=\"aligncenter\"><a class=\"RNpQXe AIKCSc\" href=\"https:\/\/www.google.com\/url?q=https%3A%2F%2Fwww.facebook.com%2Fp%2FAssociation-les-Connect%25C3%25A9es-IINAF-61555836537471%2F&amp;sa=D&amp;sntz=1&amp;usg=AOvVaw1v4gX37jlT9qfpfCq8PO05\" target=\"_blank\" rel=\"noreferrer noopener\"><img decoding=\"async\" src=\"https:\/\/ssl.gstatic.com\/atari\/images\/sociallinks\/facebook_white_36dp.png\" alt=\"Facebook\"\/><\/a><\/figure>\n<\/div>\n\n<div class=\"wp-block-image wp-duotone-blue-red\">\n<figure class=\"aligncenter\"><a class=\"RNpQXe AIKCSc\" href=\"https:\/\/www.google.com\/url?q=https%3A%2F%2Fwww.instagram.com%2Flesconnectees.iinaf%2F&amp;sa=D&amp;sntz=1&amp;usg=AOvVaw3RYe97aaRkLArNBaG9EmNH\" target=\"_blank\" rel=\"noreferrer noopener\"><img decoding=\"async\" src=\"https:\/\/ssl.gstatic.com\/atari\/images\/sociallinks\/instagram_white_36dp.png\" alt=\"Instagram\"\/><\/a><\/figure>\n<\/div>\n\n<div class=\"wp-block-image wp-duotone-midnight\">\n<figure class=\"aligncenter\"><a class=\"RNpQXe AIKCSc\" href=\"https:\/\/fr.linkedin.com\/company\/association-les-connect%C3%A9es-iinaf\" target=\"_blank\" rel=\"noreferrer noopener\"><img decoding=\"async\" src=\"https:\/\/ssl.gstatic.com\/atari\/images\/sociallinks\/linkedin_white_36dp.png\" alt=\"LinkedIn\"\/><\/a><\/figure>\n<\/div>\n\n\n<p class=\"has-text-align-center\"><\/p>\n\n\n\n<p><\/p>\n\n\n\n<p><\/p>\n","protected":false},"excerpt":{"rendered":"<p>Les Connect\u00e9.e.s IINAF est une association engag\u00e9e au service des habitants de Rennes M\u00e9tropole et Ville, avec pour mission de promouvoir la coh\u00e9sion sociale, l\u2019inclusion num\u00e9rique, et l\u2019insertion professionnelle, tout en renfor\u00e7ant l\u2019autonomie des habitants Aujourd\u2019hui, le num\u00e9rique est partout autour de nous. Il nous relie, nous informe, nous ouvre des portes\u2026 mais il peut&#8230;<\/p>\n","protected":false},"author":2,"featured_media":0,"parent":0,"menu_order":1,"comment_status":"closed","ping_status":"closed","template":"","meta":{"_kadence_starter_templates_imported_post":false,"_kad_post_transparent":"","_kad_post_title":"","_kad_post_layout":"","_kad_post_sidebar_id":"","_kad_post_content_style":"","_kad_post_vertical_padding":"","_kad_post_feature":"","_kad_post_feature_position":"","_kad_post_header":false,"_kad_post_footer":false,"_kad_post_classname":"","footnotes":""},"class_list":["post-538","page","type-page","status-publish","hentry"],"_links":{"self":[{"href":"https:\/\/lesconnectees.org\/index.php\/wp-json\/wp\/v2\/pages\/538","targetHints":{"allow":["GET"]}}],"collection":[{"href":"https:\/\/lesconnectees.org\/index.php\/wp-json\/wp\/v2\/pages"}],"about":[{"href":"https:\/\/lesconnectees.org\/index.php\/wp-json\/wp\/v2\/types\/page"}],"author":[{"embeddable":true,"href":"https:\/\/lesconnectees.org\/index.php\/wp-json\/wp\/v2\/users\/2"}],"replies":[{"embeddable":true,"href":"https:\/\/lesconnectees.org\/index.php\/wp-json\/wp\/v2\/comments?post=538"}],"version-history":[{"count":10,"href":"https:\/\/lesconnectees.org\/index.php\/wp-json\/wp\/v2\/pages\/538\/revisions"}],"predecessor-version":[{"id":3714,"href":"https:\/\/lesconnectees.org\/index.php\/wp-json\/wp\/v2\/pages\/538\/revisions\/3714"}],"wp:attachment":[{"href":"https:\/\/lesconnectees.org\/index.php\/wp-json\/wp\/v2\/media?parent=538"}],"curies":[{"name":"wp","href":"https:\/\/api.w.org\/{rel}","templated":true}]}}