{"id":3732,"date":"2025-11-06T15:41:57","date_gmt":"2025-11-06T14:41:57","guid":{"rendered":"https:\/\/lesconnectees.org\/?page_id=3732"},"modified":"2025-11-07T09:58:23","modified_gmt":"2025-11-07T08:58:23","slug":"mentions-legales","status":"publish","type":"page","link":"https:\/\/lesconnectees.org\/index.php\/mentions-legales\/","title":{"rendered":"Mentions l\u00e9gales"},"content":{"rendered":"\n<p><\/p>\n\n\n\n<!-- Page : Mentions l\u00e9gales -->\n<section class=\"legal-content\">\n\n  <h1>Mentions l\u00e9gales<\/h1>\n\n  <h2>1. \u00c9diteur du site<\/h2>\n  <p>Ce site est \u00e9dit\u00e9 par LES CONNECT\u00c9ES IINAF, Association loi de 1901 ayant son si\u00e8ge social au 12 RUE DE BOURGOGNE, 35000 Rennes, immatricul\u00e9e sous le num\u00e9ro 91819477000015. Contact : lesconnectees.iinaf@gmail.com.<\/p>\n\n  <h2>2. H\u00e9bergeur<\/h2>\n  <p>Le site est h\u00e9berg\u00e9 par OVH, dont le si\u00e8ge est situ\u00e9 \u00e0 2 rue Kellermann, 59100 Roubaix. T\u00e9l\u00e9phone : 1007.<\/p>\n\n  <h2>3. Propri\u00e9t\u00e9 intellectuelle<\/h2>\n  <p>Tous les \u00e9l\u00e9ments du site (textes, images, graphismes, logo, ic\u00f4nes, sons, logiciels) sont la propri\u00e9t\u00e9 exclusive de l\u2019\u00e9diteur, sauf mentions contraires. Toute reproduction ou utilisation sans autorisation est interdite.<\/p>\n\n  <h2>4. Responsabilit\u00e9<\/h2>\n  <p>L\u2019\u00e9diteur ne saurait \u00eatre tenu responsable des erreurs, omissions ou interruptions de service. Les liens vers des sites externes sont fournis \u00e0 titre informatif, sans engager sa responsabilit\u00e9 quant \u00e0 leur contenu.<\/p>\n\n  <h2>5. Donn\u00e9es personnelles<\/h2>\n  <p>Les donn\u00e9es collect\u00e9es sur le site sont destin\u00e9es \u00e0 un usage interne uniquement et ne sont jamais vendues \u00e0 des tiers. Pour plus de d\u00e9tails, consultez notre politique de confidentialit\u00e9.<\/p>\n\n<\/section>\n","protected":false},"excerpt":{"rendered":"<p>Mentions l\u00e9gales 1. \u00c9diteur du site Ce site est \u00e9dit\u00e9 par LES CONNECT\u00c9ES IINAF, Association loi de 1901 ayant son si\u00e8ge social au 12 RUE DE BOURGOGNE, 35000 Rennes, immatricul\u00e9e sous le num\u00e9ro 91819477000015. Contact : lesconnectees.iinaf@gmail.com. 2. H\u00e9bergeur Le site est h\u00e9berg\u00e9 par OVH, dont le si\u00e8ge est situ\u00e9 \u00e0 2 rue Kellermann, 59100&#8230;<\/p>\n","protected":false},"author":2,"featured_media":0,"parent":0,"menu_order":0,"comment_status":"closed","ping_status":"closed","template":"","meta":{"_kadence_starter_templates_imported_post":false,"_kad_post_transparent":"","_kad_post_title":"","_kad_post_layout":"","_kad_post_sidebar_id":"","_kad_post_content_style":"","_kad_post_vertical_padding":"","_kad_post_feature":"","_kad_post_feature_position":"","_kad_post_header":false,"_kad_post_footer":false,"_kad_post_classname":"","footnotes":""},"class_list":["post-3732","page","type-page","status-publish","hentry"],"_links":{"self":[{"href":"https:\/\/lesconnectees.org\/index.php\/wp-json\/wp\/v2\/pages\/3732","targetHints":{"allow":["GET"]}}],"collection":[{"href":"https:\/\/lesconnectees.org\/index.php\/wp-json\/wp\/v2\/pages"}],"about":[{"href":"https:\/\/lesconnectees.org\/index.php\/wp-json\/wp\/v2\/types\/page"}],"author":[{"embeddable":true,"href":"https:\/\/lesconnectees.org\/index.php\/wp-json\/wp\/v2\/users\/2"}],"replies":[{"embeddable":true,"href":"https:\/\/lesconnectees.org\/index.php\/wp-json\/wp\/v2\/comments?post=3732"}],"version-history":[{"count":3,"href":"https:\/\/lesconnectees.org\/index.php\/wp-json\/wp\/v2\/pages\/3732\/revisions"}],"predecessor-version":[{"id":3736,"href":"https:\/\/lesconnectees.org\/index.php\/wp-json\/wp\/v2\/pages\/3732\/revisions\/3736"}],"wp:attachment":[{"href":"https:\/\/lesconnectees.org\/index.php\/wp-json\/wp\/v2\/media?parent=3732"}],"curies":[{"name":"wp","href":"https:\/\/api.w.org\/{rel}","templated":true}]}}